{"id":2491,"date":"2021-12-21T10:42:27","date_gmt":"2021-12-21T10:42:27","guid":{"rendered":"http:\/\/www.freddy-berger.de\/?page_id=2491"},"modified":"2023-05-25T10:39:03","modified_gmt":"2023-05-25T10:39:03","slug":"flo","status":"publish","type":"page","link":"https:\/\/www.freddy-berger.de\/?page_id=2491","title":{"rendered":"Flo"},"content":{"rendered":"\n<p class=\"has-text-align-center\"><strong>S`Flo Du Domaine de la Tourbi\u00e8re<\/strong><\/p>\n\n\n\n<p class=\"has-text-align-center\">Flo lebt bei meiner Mutter, ebenfalls im Sauerland<\/p>\n\n\n\n<figure class=\"wp-block-image size-large\"><a href=\"https:\/\/www.freddy-berger.de\/wp-content\/uploads\/Flo-scaled.jpeg\"><img loading=\"lazy\" decoding=\"async\" width=\"1024\" height=\"683\" src=\"https:\/\/www.freddy-berger.de\/wp-content\/uploads\/Flo-1024x683.jpeg\" alt=\"\" class=\"wp-image-2612\" srcset=\"https:\/\/www.freddy-berger.de\/wp-content\/uploads\/Flo-1024x683.jpeg 1024w, https:\/\/www.freddy-berger.de\/wp-content\/uploads\/Flo-300x200.jpeg 300w, https:\/\/www.freddy-berger.de\/wp-content\/uploads\/Flo-768x512.jpeg 768w, https:\/\/www.freddy-berger.de\/wp-content\/uploads\/Flo-1536x1024.jpeg 1536w, https:\/\/www.freddy-berger.de\/wp-content\/uploads\/Flo-2048x1366.jpeg 2048w, https:\/\/www.freddy-berger.de\/wp-content\/uploads\/Flo-225x150.jpeg 225w\" sizes=\"auto, (max-width: 1024px) 100vw, 1024px\" \/><\/a><figcaption class=\"wp-element-caption\">Foto: Burkhard Sch\u00f6n<\/figcaption><\/figure>\n\n\n\n<p class=\"has-text-align-center\"><strong>Rio bleu run to the hills&nbsp;x Morfine sans Affix<\/strong><\/p>\n\n\n\n<p class=\"has-text-align-center\"><strong>Wurftag:<\/strong>&nbsp;*30.05.2021<\/p>\n\n\n\n<p class=\"has-text-align-center\"><strong>Wurfgr\u00f6\u00dfe:<\/strong>&nbsp;4 R\u00fcden\/ 3 H\u00fcndinnen<\/p>\n\n\n\n<p class=\"has-text-align-center\"><strong>Rufname:<\/strong>&nbsp;Flo<\/p>\n\n\n\n<p class=\"has-text-align-center\"><strong>Rasse:<\/strong>&nbsp;Berger des Pyr\u00e9n\u00e9es face rase (Kurzhaar)<\/p>\n\n\n\n<p class=\"has-text-align-center\"><strong>Zuchtbuchnummer:<\/strong>&nbsp;<\/p>\n\n\n\n<p class=\"has-text-align-center\"><strong>Gr\u00f6\u00dfe:<\/strong>&nbsp;53cm<\/p>\n\n\n\n<p class=\"has-text-align-center\"><strong>Gewicht:<\/strong>\u00a017 kg<\/p>\n\n\n\n<p class=\"has-text-align-center\"><strong>HD- Ergebnis:<\/strong>\u00a0C<\/p>\n\n\n\n<p class=\"has-text-align-center\"><strong>Augen:&nbsp;<\/strong>steht aus<\/p>\n\n\n\n<p class=\"has-text-align-center\"><strong>Farbe:<\/strong>&nbsp;gestromt<\/p>\n\n\n\n<p class=\"has-text-align-center\"><strong>Ausbildung:<\/strong>&nbsp;Basics f\u00fcr Sporthunde<\/p>\n\n\n\n<p class=\"has-text-align-center\"><\/p>\n\n\n\n<p class=\"has-text-align-center\"><strong>Austellungen:<\/strong>&nbsp;Vv, V1, BOB<\/p>\n","protected":false},"excerpt":{"rendered":"<p>S`Flo Du Domaine de la Tourbi\u00e8re Flo lebt bei meiner Mutter, ebenfalls im Sauerland Rio bleu run to the hills&nbsp;x Morfine sans Affix Wurftag:&nbsp;*30.05.2021 Wurfgr\u00f6\u00dfe:&nbsp;4 R\u00fcden\/ 3 H\u00fcndinnen Rufname:&nbsp;Flo Rasse:&nbsp;Berger des Pyr\u00e9n\u00e9es face rase (Kurzhaar) Zuchtbuchnummer:&nbsp; Gr\u00f6\u00dfe:&nbsp;53cm Gewicht:\u00a017 kg HD- Ergebnis:\u00a0C Augen:&nbsp;steht aus Farbe:&nbsp;gestromt Ausbildung:&nbsp;Basics f\u00fcr Sporthunde Austellungen:&nbsp;Vv, V1, BOB<\/p>\n","protected":false},"author":1,"featured_media":0,"parent":0,"menu_order":5,"comment_status":"closed","ping_status":"closed","template":"","meta":{"ngg_post_thumbnail":0,"footnotes":""},"class_list":["post-2491","page","type-page","status-publish","hentry"],"_links":{"self":[{"href":"https:\/\/www.freddy-berger.de\/index.php?rest_route=\/wp\/v2\/pages\/2491","targetHints":{"allow":["GET"]}}],"collection":[{"href":"https:\/\/www.freddy-berger.de\/index.php?rest_route=\/wp\/v2\/pages"}],"about":[{"href":"https:\/\/www.freddy-berger.de\/index.php?rest_route=\/wp\/v2\/types\/page"}],"author":[{"embeddable":true,"href":"https:\/\/www.freddy-berger.de\/index.php?rest_route=\/wp\/v2\/users\/1"}],"replies":[{"embeddable":true,"href":"https:\/\/www.freddy-berger.de\/index.php?rest_route=%2Fwp%2Fv2%2Fcomments&post=2491"}],"version-history":[{"count":4,"href":"https:\/\/www.freddy-berger.de\/index.php?rest_route=\/wp\/v2\/pages\/2491\/revisions"}],"predecessor-version":[{"id":2698,"href":"https:\/\/www.freddy-berger.de\/index.php?rest_route=\/wp\/v2\/pages\/2491\/revisions\/2698"}],"wp:attachment":[{"href":"https:\/\/www.freddy-berger.de\/index.php?rest_route=%2Fwp%2Fv2%2Fmedia&parent=2491"}],"curies":[{"name":"wp","href":"https:\/\/api.w.org\/{rel}","templated":true}]}}